{"id":3,"date":"2024-10-11T18:40:58","date_gmt":"2024-10-11T16:40:58","guid":{"rendered":"http:\/\/mniszek2.beep.pl\/?page_id=3"},"modified":"2025-02-27T23:34:51","modified_gmt":"2025-02-27T22:34:51","slug":"polityka-prywatnosci","status":"publish","type":"page","link":"https:\/\/mniszek.org\/en\/polityka-prywatnosci\/","title":{"rendered":"Polityka prywatno\u015bci"},"content":{"rendered":"\n<p>Polityka prywatno\u015bci dotyczy g\u0142\u00f3wnie os\u00f3b, kt\u00f3re kontaktuj\u0105 si\u0119 z autorem za po\u015brednictwem poczty elektronicznej.<\/p>\n\n\n\n<p>Autor serwisu mniszek.org nie umo\u017cliwia rejestracji u\u017cytkownik\u00f3w bez jego zgody i nie zbiera danych osobowych odwiedzaj\u0105cych. Komentarze s\u0105 wy\u0142\u0105czone. Dbamy o bezpiecze\u0144stwo i prywatno\u015b\u0107 w sieci. Strona wolna jest od niechcianych skrypt\u00f3w, reklam i tracker\u00f3w a jedyne ciasteczka i dane, kt\u00f3re s\u0105 wykorzystywane to te statystyczne i niezb\u0119dne do prawid\u0142owego funkcjonowania strony.<\/p>\n\n\n\n<p>Jeste\u015bmy przeciwni profilowaniu i takiego wykorzystywania danych nie stosujemy.<\/p>\n\n\n\n<p><strong>Zasady zapisywania i uzyskiwania dost\u0119pu do danych os\u00f3b<\/strong> korzystaj\u0105cych z Serwisu i kontaktuj\u0105cych si\u0119 drog\u0105 elektroniczn\u0105 z autorem:<\/p>\n\n\n\n<h2 class=\"wp-block-heading\">\u00a71 Definicje<\/h2>\n\n\n\n<ul class=\"wp-block-list\">\n<li><strong>Serwis<\/strong> \u2013 serwis internetowy \u201emniszek.org\u201d dzia\u0142aj\u0105cy pod adresem https:\/\/mniszek.org<\/li>\n\n\n\n<li><strong>Serwis zewn\u0119trzny<\/strong> \u2013 serwisy internetowe partner\u00f3w<\/li>\n\n\n\n<li><strong>Administrator Serwisu \/ Danych<\/strong> \u2013 Administratorem serwisu oraz Danych (dalej Administrator) jest osoba fizyczna \u201eMicha\u0142 Wojciechowski\u201d zamieszka\u0142y w Polsce.<\/li>\n\n\n\n<li><strong>U\u017cytkownik<\/strong> \u2013 osoba fizyczna, dla kt\u00f3rej Administrator \u015bwiadczy us\u0142ugi. Osoba odwiedzaj\u0105ca witryn\u0119 mniszek.org, kontaktuj\u0105ca si\u0119 z autorem.<\/li>\n\n\n\n<li><strong>Urz\u0105dzenie<\/strong> \u2013 elektroniczne urz\u0105dzenie wraz z oprogramowaniem, za po\u015brednictwem kt\u00f3rego U\u017cytkownik uzyskuje dost\u0119p do Serwisu<\/li>\n\n\n\n<li><strong>Cookies (ciasteczka)<\/strong> \u2013 dane tekstowe gromadzone w formie plik\u00f3w zamieszczanych na Urz\u0105dzeniu U\u017cytkownika<\/li>\n\n\n\n<li><strong>Dane osobowe<\/strong> \u2013 oznaczaj\u0105 informacje o zidentyfikowanej lub mo\u017cliwej do zidentyfikowania osobie fizycznej.<\/li>\n\n\n\n<li><strong>Przetwarzanie<\/strong> \u2013 oznacza operacj\u0119 na danych osobowych.<\/li>\n\n\n\n<li><strong>Profilowanie<\/strong> \u2013 oznacza form\u0119 zautomatyzowanego przetwarzania danych osobowych<\/li>\n\n\n\n<li><strong>Naruszenie ochrony danych osobowych<\/strong> \u2013 oznacza naruszenie bezpiecze\u0144stwa prowadz\u0105ce do przypadkowego lub niezgodnego z prawem zniszczenia, utracenia, zmodyfikowania, nieuprawnionego ujawnienia lub nieuprawnionego dost\u0119pu do danych osobowych przesy\u0142anych, przechowywanych lub w inny spos\u00f3b przetwarzanych<\/li>\n<\/ul>\n\n\n\n<h2 class=\"wp-block-heading\">\u00a72 Inspektor Ochrony Danych<\/h2>\n\n\n\n<p>Na podstawie Art. 37 RODO, Administrator nie powo\u0142a\u0142 Inspektora Ochrony Danych.<\/p>\n\n\n\n<p>W sprawach dotycz\u0105cych przetwarzania danych, w tym danych osobowych, nale\u017cy kontaktowa\u0107 si\u0119 bezpo\u015brednio z Administratorem.<\/p>\n\n\n\n<h2 class=\"wp-block-heading\">\u00a73 Rodzaje Plik\u00f3w Cookies<\/h2>\n\n\n\n<ul class=\"wp-block-list\">\n<li><strong>Cookies wewn\u0119trzne<\/strong> \u2013 pliki zamieszczane i odczytywane z Urz\u0105dzenia U\u017cytkownika przez system teleinformatyczny Serwisu<\/li>\n\n\n\n<li><strong>Cookies zewn\u0119trzne<\/strong> \u2013 pliki zamieszczane i odczytywane z Urz\u0105dzenia U\u017cytkownika przez systemy teleinformatyczne Serwis\u00f3w zewn\u0119trznych.<\/li>\n\n\n\n<li><strong>Cookies sesyjne<\/strong> \u2013 pliki zamieszczane i odczytywane z Urz\u0105dzenia U\u017cytkownika przez Serwis podczas jednej sesji danego Urz\u0105dzenia. Po zako\u0144czeniu sesji pliki s\u0105 usuwane z Urz\u0105dzenia U\u017cytkownika.<\/li>\n\n\n\n<li><strong>Cookies trwa\u0142e<\/strong> \u2013 pliki zamieszczane i odczytywane z Urz\u0105dzenia U\u017cytkownika przez Serwis do momentu ich r\u0119cznego b\u0105d\u017a automatycznego usuni\u0119cia.<\/li>\n<\/ul>\n\n\n\n<h2 class=\"wp-block-heading\">\u00a74 Bezpiecze\u0144stwo sk\u0142adowania danych<\/h2>\n\n\n\n<ul class=\"wp-block-list\">\n<li><strong>Mechanizmy sk\u0142adowania i odczytu plik\u00f3w Cookie<\/strong> \u2013 s\u0105 realizowane poprzez wbudowane mechanizmy przegl\u0105darek internetowych.<\/li>\n\n\n\n<li><strong>Cookie wewn\u0119trzne \u2013<\/strong><strong> <\/strong><strong>z<\/strong>astosowane przez Administratora pliki Cookie.<\/li>\n\n\n\n<li><strong>Cookie zewn\u0119trzne<\/strong> \u2013 Pliki od zewn\u0119trznych partner\u00f3w.<\/li>\n\n\n\n<li><strong>Kontrola plik\u00f3w Cookie<\/strong> \u2013 U\u017cytkownik mo\u017ce samodzielnie zmieni\u0107 ustawienia dotycz\u0105ce zapisywania, usuwania oraz dost\u0119pu do danych zapisanych plik\u00f3w Cookies.<\/li>\n\n\n\n<li><strong>Zagro\u017cenia po stronie U\u017cytkownika <\/strong>\u2013 Zapewnienie bezpiecze\u0144stwa danych zale\u017cy od obu stron w tym dzia\u0142alno\u015bci U\u017cytkownika. Administrator nie bierze odpowiedzialno\u015bci za przechwycenie tych danych, podszycie si\u0119 pod sesj\u0119 U\u017cytkownika lub ich usuni\u0119cie, na skutek \u015bwiadomej lub nie\u015bwiadomej dzia\u0142alno\u015b\u0107 U\u017cytkownika, wirus\u00f3w, koni troja\u0144skich i innego oprogramowania szpieguj\u0105cego, kt\u00f3rymi mo\u017ce jest lub by\u0142o zainfekowane Urz\u0105dzenie U\u017cytkownika.<\/li>\n<\/ul>\n\n\n\n<h2 class=\"wp-block-heading\">\u00a75 Cele do kt\u00f3rych wykorzystywane s\u0105 pliki Cookie<\/h2>\n\n\n\n<ul class=\"wp-block-list\">\n<li>Personalizacja serwisu<\/li>\n\n\n\n<li>Dost\u0119pu do edycji serwisu<\/li>\n\n\n\n<li>Cele statystyczne<\/li>\n<\/ul>\n\n\n\n<h2 class=\"wp-block-heading\">\u00a76 Cele przetwarzania danych osobowych<\/h2>\n\n\n\n<p>Dane osobowe dobrowolnie podane przez U\u017cytkownik\u00f3w s\u0105 przetwarzane w jednym z nast\u0119puj\u0105cych cel\u00f3w:<\/p>\n\n\n\n<ul class=\"wp-block-list\">\n<li>Realizacji us\u0142ug elektronicznych w tym dost\u0119pu do tre\u015bci serwisu<\/li>\n\n\n\n<li>Komunikacji Administratora z U\u017cytkownikami w sprawach zwi\u0105zanych z Serwisem oraz ochrony danych<\/li>\n\n\n\n<li>Zapewnienia prawnie uzasadnionego interesu Administratora<\/li>\n<\/ul>\n\n\n\n<p>Dane o U\u017cytkownikach gromadzone anonimowo i automatycznie s\u0105 przetwarzane w jednym z nast\u0119puj\u0105cych cel\u00f3w:<\/p>\n\n\n\n<ul class=\"wp-block-list\">\n<li>Zapewnienia prawnie uzasadnionego interesu Administratora<\/li>\n\n\n\n<li>Statystyczmych<\/li>\n<\/ul>\n\n\n\n<h2 class=\"wp-block-heading\">\u00a77 Rodzaje gromadzonych danych<\/h2>\n\n\n\n<p>Serwis mo\u017ce gromadzi\u0107 dane o U\u017cytkownikach. Cze\u015b\u0107 danych jest gromadzona automatycznie i anonimowo, a cz\u0119\u015b\u0107 danych to dane osobowe podane dobrowolnie przez U\u017cytkownik\u00f3w.<\/p>\n\n\n\n<p><strong>Anonimowe dane kt\u00f3re mog\u0105 zosta\u0107 zgromadzone<\/strong><\/p>\n\n\n\n<ul class=\"wp-block-list\">\n<li>Adres IP<\/li>\n\n\n\n<li>Typ przegl\u0105darki<\/li>\n\n\n\n<li>Rozdzielczo\u015b\u0107 ekranu<\/li>\n\n\n\n<li>Przybli\u017cona lokalizacja<\/li>\n\n\n\n<li>Otwierane podstrony serwisu<\/li>\n\n\n\n<li>Czas sp\u0119dzony na odpowiedniej podstronie serwisu<\/li>\n\n\n\n<li>Rodzaj systemu operacyjnego<\/li>\n\n\n\n<li>Adres poprzedniej podstrony<\/li>\n\n\n\n<li>Adres strony odsy\u0142aj\u0105cej<\/li>\n\n\n\n<li>J\u0119zyk przegl\u0105darki<\/li>\n\n\n\n<li>Pr\u0119dko\u015b\u0107 \u0142\u0105cza internetowego<\/li>\n\n\n\n<li>Dostawca us\u0142ug internetowych<\/li>\n<\/ul>\n\n\n\n<p><strong>Dane gromadzone podczas <\/strong><strong>komunikacji<\/strong><strong>:<\/strong><\/p>\n\n\n\n<ul class=\"wp-block-list\">\n<li>Imi\u0119 \/ nazwisko \/ pseudonim<\/li>\n\n\n\n<li>Adres e-mail<\/li>\n\n\n\n<li>Inne dane<\/li>\n<\/ul>\n\n\n\n<h2 class=\"wp-block-heading\">\u00a78 Dost\u0119p do danych osobowych przez podmioty trzecie<\/h2>\n\n\n\n<p>Co do zasady jedynym odbiorc\u0105 danych osobowych podawanych przez U\u017cytkownik\u00f3w jest Administrator.<\/p>\n\n\n\n<p>Dost\u0119p do danych mog\u0105 posiada\u0107<\/p>\n\n\n\n<ul class=\"wp-block-list\">\n<li>Firmy \u015bwiadcz\u0105ce us\u0142ugi hostingu<\/li>\n<\/ul>\n\n\n\n<p><strong>Powierzenie przetwarzania danych osobowych \u2013 Us\u0142ugi Hostingu<\/strong><\/p>\n\n\n\n<p>Administrator korzysta z us\u0142ug dostawcy hostingu domena.pl. Wszelkie dane gromadzone i przetwarzane w serwisie s\u0105 przechowywane i przetwarzane w infrastrukturze domena.pl. Istnieje mo\u017cliwo\u015b\u0107 dost\u0119pu do danych wskutek prac serwisowych realizowanych przez personel us\u0142ugodawcy.<\/p>\n\n\n\n<h2 class=\"wp-block-heading\">\u00a79 Spos\u00f3b przetwarzania danych osobowych<\/h2>\n\n\n\n<p><strong>Dane osobowe <\/strong><strong>U\u017cytk<\/strong><strong>ownik\u00f3w:<\/strong><\/p>\n\n\n\n<ul class=\"wp-block-list\">\n<li>nie b\u0119d\u0105 wykorzystywane do profilowania<\/li>\n\n\n\n<li>nie b\u0119d\u0105 odsprzedawane podmiotom trzecim<\/li>\n<\/ul>\n\n\n\n<h2 class=\"wp-block-heading\">\u00a710 Podstawy prawne przetwarzania danych osobowych<\/h2>\n\n\n\n<p>Serwis gromadzi i przetwarza dane U\u017cytkownik\u00f3w na podstawie:<\/p>\n\n\n\n<ul class=\"wp-block-list\">\n<li>Ustawa z dnia 10 maja 2018 r. o ochronie danych osobowych (Dz.U. 2018 poz. 1000)<\/li>\n\n\n\n<li>Ustawa z dnia 16 lipca 2004 r. Prawo telekomunikacyjne (Dz.U. 2004 nr 171 poz. 1800)<\/li>\n\n\n\n<li>Ustawa z dnia 4 lutego 1994 r. o prawie autorskim i prawach pokrewnych (Dz. U. 1994 Nr 24 poz. 83)<\/li>\n<\/ul>\n\n\n\n<h2 class=\"wp-block-heading\">\u00a711 Okres przetwarzania danych osobowych<\/h2>\n\n\n\n<p>Co do zasady, dane osobowe s\u0105 przechowywane wy\u0142\u0105cznie przez okres \u015bwiadczenia Us\u0142ugi w ramach Serwisu przez Administratora.<\/p>\n\n\n\n<p>Wyj\u0105tek stanowi sytuacja, kt\u00f3ra wymaga zabezpieczenia prawnie uzasadnionych cel\u00f3w dalszego przetwarzania tych danych przez Administratora.<\/p>\n\n\n\n<p>Anonimowe dane statystyczne, niestanowi\u0105ce danych osobowych, s\u0105 przechowywane przez Administratora w celu prowadzenia statystyk serwisu przez czas nieoznaczony.<\/p>\n\n\n\n<h2 class=\"wp-block-heading\">\u00a712 Prawa U\u017cytkownik\u00f3w zwi\u0105zane z przetwarzaniem danych osobowych<\/h2>\n\n\n\n<p>U\u017cytkownik ma prawo do<\/p>\n\n\n\n<ul class=\"wp-block-list\">\n<li>dost\u0119pu do swoich danych osobowych<\/li>\n\n\n\n<li>sprostowania swoich danych osobowych<\/li>\n\n\n\n<li>usuni\u0119cia swoich danych osobowych<\/li>\n\n\n\n<li>ograniczenia przetwarzania swoich danych osobowych<\/li>\n\n\n\n<li>przenoszenia swoich danych osobowych<\/li>\n\n\n\n<li>wniesienia sprzeciwu wobec przetwarzania danych osobowych<\/li>\n\n\n\n<li>wniesienia skargi<\/li>\n<\/ul>\n\n\n\n<h2 class=\"wp-block-heading\">\u00a713 Kontakt do Administratora<\/h2>\n\n\n\n<p>Z Administratorem mo\u017cna skontaktowa\u0107 si\u0119 poprzez<\/p>\n\n\n\n<ul class=\"wp-block-list\">\n<li><strong>Adres poczty elektronicznej<\/strong> \u2013 kontakt@mniszek.org<\/li>\n<\/ul>\n\n\n\n<h2 class=\"wp-block-heading\">\u00a714 Wymagania Serwisu<\/h2>\n\n\n\n<ul class=\"wp-block-list\">\n<li>Administrator nie ponosi \u017cadnej odpowiedzialno\u015bci za nieprawid\u0142owo dzia\u0142aj\u0105ce funkcje Serwisu.<\/li>\n<\/ul>\n\n\n\n<h2 class=\"wp-block-heading\">\u00a715 Linki zewn\u0119trzne<\/h2>\n\n\n\n<p>W Serwisie \u2013 artyku\u0142ach, postach czy wpisach mog\u0105 znajdowa\u0107 si\u0119 odno\u015bniki do witryn zewn\u0119trznych, z kt\u00f3rymi W\u0142a\u015bciciel serwisu nie wsp\u00f3\u0142pracuje. Administrator nie ponosi odpowiedzialno\u015bci za zawarto\u015b\u0107 znajduj\u0105c\u0105 si\u0119 poza Serwisem.<\/p>\n\n\n\n<h2 class=\"wp-block-heading\">\u00a716 Zmiany w Polityce Prywatno\u015bci<\/h2>\n\n\n\n<ul class=\"wp-block-list\">\n<li>Administrator zastrzega sobie prawo do dowolnej zmiany niniejszej Polityki Prywatno\u015bci bez konieczno\u015bci informowania o tym U\u017cytkownik\u00f3w w zakresie stosowania i wykorzystywania danych lub stosowania plik\u00f3w Cookie.<\/li>\n<\/ul>\n\n\n\n<p>Wprowadzone zmiany wchodz\u0105 w \u017cycie z chwil\u0105 ich publikacji.<\/p>\n\n\n\n<p>Wprowadzone zmiany w Polityce Prywatno\u015bci b\u0119d\u0105 publikowane na tej podstronie Serwisu.<\/p>\n","protected":false},"excerpt":{"rendered":"<p>Polityka prywatno\u015bci dotyczy g\u0142\u00f3wnie os\u00f3b, kt\u00f3re kontaktuj\u0105 si\u0119 z autorem za po\u015brednictwem poczty elektronicznej. Autor serwisu mniszek.org nie umo\u017cliwia rejestracji u\u017cytkownik\u00f3w bez jego zgody i nie zbiera danych osobowych odwiedzaj\u0105cych. Komentarze s\u0105 wy\u0142\u0105czone. Dbamy o bezpiecze\u0144stwo i prywatno\u015b\u0107 w sieci. Strona wolna jest od niechcianych skrypt\u00f3w, reklam i tracker\u00f3w a jedyne ciasteczka i dane, kt\u00f3re [&hellip;]<\/p>\n","protected":false},"author":1,"featured_media":0,"parent":0,"menu_order":0,"comment_status":"closed","ping_status":"closed","template":"","meta":{"footnotes":""},"class_list":["post-3","page","type-page","status-publish","hentry"],"_links":{"self":[{"href":"https:\/\/mniszek.org\/en\/wp-json\/wp\/v2\/pages\/3","targetHints":{"allow":["GET"]}}],"collection":[{"href":"https:\/\/mniszek.org\/en\/wp-json\/wp\/v2\/pages"}],"about":[{"href":"https:\/\/mniszek.org\/en\/wp-json\/wp\/v2\/types\/page"}],"author":[{"embeddable":true,"href":"https:\/\/mniszek.org\/en\/wp-json\/wp\/v2\/users\/1"}],"replies":[{"embeddable":true,"href":"https:\/\/mniszek.org\/en\/wp-json\/wp\/v2\/comments?post=3"}],"version-history":[{"count":9,"href":"https:\/\/mniszek.org\/en\/wp-json\/wp\/v2\/pages\/3\/revisions"}],"predecessor-version":[{"id":160,"href":"https:\/\/mniszek.org\/en\/wp-json\/wp\/v2\/pages\/3\/revisions\/160"}],"wp:attachment":[{"href":"https:\/\/mniszek.org\/en\/wp-json\/wp\/v2\/media?parent=3"}],"curies":[{"name":"wp","href":"https:\/\/api.w.org\/{rel}","templated":true}]}}